{"id":2034,"date":"2026-06-27T08:32:36","date_gmt":"2026-06-27T15:32:36","guid":{"rendered":"https:\/\/ritaconference.org\/?page_id=2034"},"modified":"2026-08-12T07:20:03","modified_gmt":"2026-08-12T14:20:03","slug":"detalhes-do-premio","status":"publish","type":"page","link":"https:\/\/ritaconference.org\/pt\/detalhes-do-premio\/","title":{"rendered":"Pr\u00eamios"},"content":{"rendered":"<div data-elementor-type=\"wp-page\" data-elementor-id=\"2034\" class=\"elementor elementor-2034\" data-elementor-post-type=\"page\">\n\t\t\t\t<div class=\"elementor-element elementor-element-9f34434 e-flex e-con-boxed e-con e-parent\" data-id=\"9f34434\" data-element_type=\"container\" data-e-type=\"container\">\n\t\t\t\t\t<div class=\"e-con-inner\">\n\t\t\t\t<div class=\"elementor-element elementor-element-70acee1 elementor-widget elementor-widget-text-editor\" data-id=\"70acee1\" data-element_type=\"widget\" data-e-type=\"widget\" data-widget_type=\"text-editor.default\">\n\t\t\t\t<div class=\"elementor-widget-container\">\n\t\t\t\t\t\t\t\t\t<div class=\"alert-warning\" style=\"padding: 10px; color: #856404; background-color: #fff3cd; border-color: #ffeeba;\">\n<h3>Prazos para premia\u00e7\u00f5es e submiss\u00e3o de resumos atualizados<\/h3>\nPor favor, observe as seguintes atualiza\u00e7\u00f5es de prazos:\n<ul data-spread=\"false\">\n \t<li><strong>Prazo para Premia\u00e7\u00f5es:<\/strong> <strong>15 de agosto de 2026<\/strong><\/li>\n \t<li><strong>Resumos de Apresenta\u00e7\u00f5es Orais:<\/strong> Prazo prorrogado para <strong>31 de agosto de 2026<\/strong><\/li>\n \t<li><strong>Resumos de Apresenta\u00e7\u00f5es de P\u00f4steres:<\/strong> Prazo prorrogado para <strong>15 de setembro de 2026<\/strong><\/li>\n<\/ul>\nEsses prazos atualizados j\u00e1 constam nas p\u00e1ginas de premia\u00e7\u00f5es e de submiss\u00e3o de resumos.\n\n<\/div>\t\t\t\t\t\t\t\t<\/div>\n\t\t\t\t<\/div>\n\t\t\t\t<div class=\"elementor-element elementor-element-87bf1c7 elementor-widget-divider--view-line elementor-widget elementor-widget-divider\" data-id=\"87bf1c7\" data-element_type=\"widget\" data-e-type=\"widget\" data-widget_type=\"divider.default\">\n\t\t\t\t<div class=\"elementor-widget-container\">\n\t\t\t\t\t\t\t<div class=\"elementor-divider\">\n\t\t\t<span class=\"elementor-divider-separator\">\n\t\t\t\t\t\t<\/span>\n\t\t<\/div>\n\t\t\t\t\t\t<\/div>\n\t\t\t\t<\/div>\n\t\t\t\t<div class=\"elementor-element elementor-element-82ca25a elementor-widget elementor-widget-text-editor\" data-id=\"82ca25a\" data-element_type=\"widget\" data-e-type=\"widget\" data-widget_type=\"text-editor.default\">\n\t\t\t\t<div class=\"elementor-widget-container\">\n\t\t\t\t\t\t\t\t\t<h3 class=\"rita-title-tertiary\">Pr\u00eamio George M. Baer para Pesquisadores Latino-Americanos (1936-2009)<\/h3><p class=\"rita-text\">O Pr\u00eamio George M. Baer para Pesquisadores Latino-Americanos reconhece trabalhos de destaque na \u00e1rea da raiva realizados por pesquisadores de pa\u00edses latino-americanos.<\/p><p>O Dr. George M. Baer (1936-2009) foi um renomado virologista, veterin\u00e1rio e cientista da \u00e1rea de sa\u00fade p\u00fablica, al\u00e9m de membro fundador da Confer\u00eancia sobre Raiva nas Am\u00e9ricas. Nascido em Londres e criado em Nova York, formou-se em medicina veterin\u00e1ria pela Universidade Cornell em 1959 e obteve o t\u00edtulo de mestre em sa\u00fade p\u00fablica pela Universidade de Michigan em 1961. Baer atuou nos Centros de Controle e Preven\u00e7\u00e3o de Doen\u00e7as (CDC) dos EUA ao longo de sua carreira, concentrando-se especialmente na psitacose, na brucelose e na raiva. Ele trabalhou no Laborat\u00f3rio de Pesquisa sobre Raiva do Sudoeste (Southwest Rabies Research Laboratory) e atuou como consultor da Organiza\u00e7\u00e3o Pan-Americana da Sa\u00fade no M\u00e9xico, auxiliando na implementa\u00e7\u00e3o de programas nacionais de controle da raiva.<\/p><p>Como diretor do Laborat\u00f3rio de Raiva do CDC, ele liderou a equipe que desenvolveu a vacina\u00e7\u00e3o oral para animais silvestres e \u00e9 reconhecido como o \"Pai da Vacina\u00e7\u00e3o Oral contra a Raiva\". Baer publicou mais de 100 artigos cient\u00edficos, incluindo sua obra de refer\u00eancia, \"The Natural History of Rabies\" (A Hist\u00f3ria Natural da Raiva). Ap\u00f3s se aposentar, fundou um laborat\u00f3rio de diagn\u00f3stico no M\u00e9xico e manteve-se ativo na Confer\u00eancia sobre Raiva nas Am\u00e9ricas.<\/p><p>O Comit\u00ea Diretor Internacional batizou esse pr\u00eamio em homenagem \u00e0s suas contribui\u00e7\u00f5es, destacando sua dedica\u00e7\u00e3o \u00e0 pesquisa e ao avan\u00e7o da sa\u00fade p\u00fablica na Am\u00e9rica Latina.<\/p><p>Em 2026, o ganhador do pr\u00eamio ser\u00e1 reconhecido por sua conquista e ter\u00e1 a oportunidade de apresentar seu trabalho em uma sess\u00e3o especial da Confer\u00eancia RITA.<\/p>\t\t\t\t\t\t\t\t<\/div>\n\t\t\t\t<\/div>\n\t\t\t\t<div class=\"elementor-element elementor-element-77722a6 elementor-widget elementor-widget-text-editor\" data-id=\"77722a6\" data-element_type=\"widget\" data-e-type=\"widget\" data-widget_type=\"text-editor.default\">\n\t\t\t\t<div class=\"elementor-widget-container\">\n\t\t\t\t\t\t\t\t\t<h2 class=\"rita-premio-detail-title\">Pr\u00eamio Ivanete Kotait para estudantes\/jovens pesquisadores da Am\u00e9rica Latina<\/h2><p class=\"rita-premio-text\">O Pr\u00eamio Ivanete Kotait \u00e9 concedido a um estudante ou jovem pesquisador latino-americano por um trabalho de destaque na pesquisa sobre a raiva. O pr\u00eamio homenageia a Dra. Ivanete Kotait, uma das primeiras representantes do Brasil no Comit\u00ea Diretivo Internacional da organiza\u00e7\u00e3o *Rabies in the Americas* (RITA).<\/p><p>A Dra. Ivanete Kotait foi uma pesquisadora de destaque que se dedicou intensamente aos avan\u00e7os e aprimoramentos no diagn\u00f3stico, na pesquisa e no controle da raiva, sempre demonstrando grande apre\u00e7o por regi\u00f5es em desenvolvimento. Formada em Medicina Veterin\u00e1ria, iniciou sua trajet\u00f3ria profissional no Instituto Biol\u00f3gico de S\u00e3o Paulo e, posteriormente, atuou no Instituto Pasteur de S\u00e3o Paulo. Durante sua atua\u00e7\u00e3o, contribuiu para o aperfei\u00e7oamento das atividades da institui\u00e7\u00e3o, que obteve reconhecimento da Organiza\u00e7\u00e3o Mundial da Sa\u00fade (OMS) e da Organiza\u00e7\u00e3o Pan-Americana da Sa\u00fade (OPAS) como Centro Colaborador para a Raiva, al\u00e9m de se tornar Laborat\u00f3rio de Refer\u00eancia Nacional para a Raiva no Brasil. Ela desempenhou um papel fundamental no estabelecimento das bases para programas de sa\u00fade p\u00fablica e agropecu\u00e1ria de combate \u00e0 raiva no Brasil, um compromisso que manteve ao longo de toda a sua carreira profissional.<\/p><p>Suas diversas contribui\u00e7\u00f5es concentraram-se na capacita\u00e7\u00e3o relevante e na transfer\u00eancia de tecnologia para a Am\u00e9rica Latina. Ao longo de sua trajet\u00f3ria profissional, ela incentivou estudantes e jovens pesquisadores a se dedicarem ao estudo da raiva e a compreenderem sua import\u00e2ncia nos \u00e2mbitos da sa\u00fade p\u00fablica e da economia. Em reconhecimento ao seu impacto, o Comit\u00ea Diretivo Internacional da RITA instituiu este pr\u00eamio anual em sua homenagem, destinado ao melhor trabalho realizado por um estudante ou jovem pesquisador latino-americano.<\/p><p>Em 2026, o ganhador do pr\u00eamio ser\u00e1 reconhecido por sua conquista e ter\u00e1 a oportunidade de apresentar seu trabalho em uma sess\u00e3o especial da Confer\u00eancia RITA.<\/p><p><b>Para mais informa\u00e7\u00f5es sobre a premia\u00e7\u00e3o, por favor, siga os links para os documentos associados em espanhol, portugu\u00eas e ingl\u00eas. <a href=\"https:\/\/rita2026.org\/sites\/default\/files\/2026-07\/2026-International-Conference-RITA-Awards-Spanish.pdf\" target=\"_blank\" rel=\"noopener\">Spanish<\/a>, <a href=\"https:\/\/rita2026.org\/sites\/default\/files\/2026-07\/2026-International-Conference-RITA-Awards-Portuguese.pdf\" target=\"_blank\" rel=\"noopener\">Portuguese<\/a>, and <a href=\"https:\/\/rita2026.org\/sites\/default\/files\/2026-07\/2026-International-Conference-RITA-Awards-English.pdf\" target=\"_blank\" rel=\"noopener\">English<\/a>.<\/b><\/p>\t\t\t\t\t\t\t\t<\/div>\n\t\t\t\t<\/div>\n\t\t\t\t\t<\/div>\n\t\t\t\t<\/div>\n\t\t<div class=\"elementor-element elementor-element-5efc9e9 e-flex e-con-boxed e-con e-parent\" data-id=\"5efc9e9\" data-element_type=\"container\" data-e-type=\"container\">\n\t\t\t\t\t<div class=\"e-con-inner\">\n\t\t\t\t\t<\/div>\n\t\t\t\t<\/div>\n\t\t\t\t<\/div>","protected":false},"excerpt":{"rendered":"<p>Awards &amp; Abstract Submission Deadlines Updated Please note the following deadline updates: Awards Deadline: August 15, 2026 Oral Presentation Abstracts: [&hellip;]<\/p>\n","protected":false},"author":6,"featured_media":0,"parent":0,"menu_order":0,"comment_status":"closed","ping_status":"closed","template":"","meta":{"site-sidebar-layout":"no-sidebar","site-content-layout":"","ast-site-content-layout":"full-width-container","site-content-style":"default","site-sidebar-style":"default","ast-global-header-display":"","ast-banner-title-visibility":"","ast-main-header-display":"","ast-hfb-above-header-display":"","ast-hfb-below-header-display":"","ast-hfb-mobile-header-display":"","site-post-title":"","ast-breadcrumbs-content":"","ast-featured-img":"disabled","footer-sml-layout":"","ast-disable-related-posts":"","theme-transparent-header-meta":"","adv-header-id-meta":"","stick-header-meta":"","header-above-stick-meta":"","header-main-stick-meta":"","header-below-stick-meta":"","astra-migrate-meta-layouts":"default","ast-page-background-enabled":"default","ast-page-background-meta":{"desktop":{"background-color":"var(--ast-global-color-5)","background-image":"","background-repeat":"repeat","background-position":"center center","background-size":"auto","background-attachment":"scroll","background-type":"","background-media":"","overlay-type":"","overlay-color":"","overlay-opacity":"","overlay-gradient":""},"tablet":{"background-color":"","background-image":"","background-repeat":"repeat","background-position":"center center","background-size":"auto","background-attachment":"scroll","background-type":"","background-media":"","overlay-type":"","overlay-color":"","overlay-opacity":"","overlay-gradient":""},"mobile":{"background-color":"","background-image":"","background-repeat":"repeat","background-position":"center center","background-size":"auto","background-attachment":"scroll","background-type":"","background-media":"","overlay-type":"","overlay-color":"","overlay-opacity":"","overlay-gradient":""}},"ast-content-background-meta":{"desktop":{"background-color":"var(--ast-global-color-4)","background-image":"","background-repeat":"repeat","background-position":"center center","background-size":"auto","background-attachment":"scroll","background-type":"","background-media":"","overlay-type":"","overlay-color":"","overlay-opacity":"","overlay-gradient":""},"tablet":{"background-color":"var(--ast-global-color-4)","background-image":"","background-repeat":"repeat","background-position":"center center","background-size":"auto","background-attachment":"scroll","background-type":"","background-media":"","overlay-type":"","overlay-color":"","overlay-opacity":"","overlay-gradient":""},"mobile":{"background-color":"var(--ast-global-color-4)","background-image":"","background-repeat":"repeat","background-position":"center center","background-size":"auto","background-attachment":"scroll","background-type":"","background-media":"","overlay-type":"","overlay-color":"","overlay-opacity":"","overlay-gradient":""}},"_joinchat":[],"footnotes":""},"class_list":["post-2034","page","type-page","status-publish","hentry"],"_links":{"self":[{"href":"https:\/\/ritaconference.org\/pt\/wp-json\/wp\/v2\/pages\/2034","targetHints":{"allow":["GET"]}}],"collection":[{"href":"https:\/\/ritaconference.org\/pt\/wp-json\/wp\/v2\/pages"}],"about":[{"href":"https:\/\/ritaconference.org\/pt\/wp-json\/wp\/v2\/types\/page"}],"author":[{"embeddable":true,"href":"https:\/\/ritaconference.org\/pt\/wp-json\/wp\/v2\/users\/6"}],"replies":[{"embeddable":true,"href":"https:\/\/ritaconference.org\/pt\/wp-json\/wp\/v2\/comments?post=2034"}],"version-history":[{"count":19,"href":"https:\/\/ritaconference.org\/pt\/wp-json\/wp\/v2\/pages\/2034\/revisions"}],"predecessor-version":[{"id":2401,"href":"https:\/\/ritaconference.org\/pt\/wp-json\/wp\/v2\/pages\/2034\/revisions\/2401"}],"wp:attachment":[{"href":"https:\/\/ritaconference.org\/pt\/wp-json\/wp\/v2\/media?parent=2034"}],"curies":[{"name":"wp","href":"https:\/\/api.w.org\/{rel}","templated":true}]}}